{"id":37,"date":"2026-07-27T09:43:16","date_gmt":"2026-07-27T09:43:16","guid":{"rendered":"https:\/\/desarrollo.batlledigital.com\/?page_id=37"},"modified":"2026-07-30T08:27:11","modified_gmt":"2026-07-30T10:27:11","slug":"participa","status":"publish","type":"page","link":"https:\/\/laindustrialevents.com\/ca\/participa\/","title":{"rendered":"Participa"},"content":{"rendered":"<div data-elementor-type=\"wp-page\" data-elementor-id=\"37\" class=\"elementor elementor-37\" data-elementor-post-type=\"page\">\n\t\t\t\t<div class=\"elementor-element elementor-element-0b3ae1a e-flex e-con-boxed e-con e-parent\" data-id=\"0b3ae1a\" data-element_type=\"container\" data-e-type=\"container\" data-settings=\"{&quot;background_background&quot;:&quot;classic&quot;}\">\n\t\t\t\t\t<div class=\"e-con-inner\">\n\t\t\t\t\t<\/div>\n\t\t\t\t<\/div>\n\t\t<div class=\"elementor-element elementor-element-00963c3 e-flex e-con-boxed e-con e-parent\" data-id=\"00963c3\" data-element_type=\"container\" data-e-type=\"container\" data-settings=\"{&quot;background_background&quot;:&quot;classic&quot;}\">\n\t\t\t\t\t<div class=\"e-con-inner\">\n\t\t\t\t<div class=\"elementor-element elementor-element-12f49e0 elementor-widget elementor-widget-text-editor\" data-id=\"12f49e0\" data-element_type=\"widget\" data-e-type=\"widget\" data-widget_type=\"text-editor.default\">\n\t\t\t\t\t\t\t\t\t<p><strong>Busquem talent! <\/strong><\/p><p>Convocat\u00f2ria oberta per a marques i artesans.<\/p><p>Ets creador, dissenyador o tens una marca amb \u00e0nima?<\/p><p>Volem que formis part de la nostra <strong>propera edici\u00f3 del Summer Market<\/strong>. Busquem marques aut\u00e8ntiques que comparteixin la nostra passi\u00f3 per les coses fetes amb calma, detall i molta cura.<\/p>\t\t\t\t\t\t\t\t<\/div>\n\t\t\t\t\t<\/div>\n\t\t\t\t<\/div>\n\t\t<div class=\"elementor-element elementor-element-9ad4706 e-flex e-con-boxed e-con e-parent\" data-id=\"9ad4706\" data-element_type=\"container\" data-e-type=\"container\" data-settings=\"{&quot;background_background&quot;:&quot;classic&quot;}\">\n\t\t\t\t\t<div class=\"e-con-inner\">\n\t\t<div class=\"elementor-element elementor-element-bb80cbb e-con-full e-flex e-con e-child\" data-id=\"bb80cbb\" data-element_type=\"container\" data-e-type=\"container\">\n\t\t\t\t<div class=\"elementor-element elementor-element-5cef2f2 elementor-widget-mobile__width-initial elementor-widget elementor-widget-heading\" data-id=\"5cef2f2\" data-element_type=\"widget\" data-e-type=\"widget\" data-widget_type=\"heading.default\">\n\t\t\t\t\t<h2 class=\"elementor-heading-title elementor-size-default\">Per qu\u00e8 hauries de participar amb nosaltres?<\/h2>\t\t\t\t<\/div>\n\t\t\t\t<div class=\"elementor-element elementor-element-0838d5d elementor-widget elementor-widget-text-editor\" data-id=\"0838d5d\" data-element_type=\"widget\" data-e-type=\"widget\" data-widget_type=\"text-editor.default\">\n\t\t\t\t\t\t\t\t\t<ul><li><b>Una selecci\u00f3 acurada <\/b>(Estareu entre els millors): Mantenim un criteri de selecci\u00f3 estricte per garantir que no hi hagi saturaci\u00f3 d&#039;un mateix producte. La teva marca brillar\u00e0 en un entorn exclusiu amb creadors amb la mateixa filosofia.<\/li><\/ul><ul class=\"ul1\"><li class=\"li2\"><b>P\u00fablic amb valor<\/b>: Dissenyem els nostres markets per atraure un p\u00fablic local i turista que busca autenticitat, valora el treball artesanal (handmade) i recolza el comer\u00e7 de proximitat.<\/li><li class=\"li2\"><b>L&#039;experi\u00e8ncia completa (M\u00e9s temps, m\u00e9s vendes)<\/b>: Fusionem el disseny amb una oferta de food trucks, tallers creatius i m\u00fasica en ac\u00fastic. El resultat? Un ambient de ritme relaxat (slow life) que convida els assistents a quedar-se, gaudir i comprar sense presses.<\/li><li class=\"li1\"><b>Visibilitat per a la teva marca: <\/b>No \u00e9s nom\u00e9s un cap de setmana de vendes; \u00e9s l&#039;aparador perfecte per potenciar la teva marca, fer contactes al sector i fer cr\u00e9ixer la teva comunitat.<\/li><\/ul><ul><li class=\"p1\"><strong>Encaixes amb nosaltres?<\/strong> Si el teu projecte respira disseny, originalitat i ess\u00e8ncia estival, volem con\u00e8ixer-te! Les places s\u00f3n limitades per tenir cura de lequilibri de lespai.<\/li><\/ul>\t\t\t\t\t\t\t\t<\/div>\n\t\t\t\t<div class=\"elementor-element elementor-element-0364d68 elementor-widget elementor-widget-button\" data-id=\"0364d68\" data-element_type=\"widget\" data-e-type=\"widget\" data-widget_type=\"button.default\">\n\t\t\t\t\t\t\t\t\t\t<a class=\"elementor-button elementor-button-link elementor-size-sm\" href=\"#elementor-action%3Aaction%3Dpopup%3Aopen%26settings%3DeyJpZCI6IjMyNiIsInRvZ2dsZSI6ZmFsc2V9\">\n\t\t\t\t\t\t<span class=\"elementor-button-content-wrapper\">\n\t\t\t\t\t\t\t\t\t<span class=\"elementor-button-text\">Vull exposar<\/span>\n\t\t\t\t\t<\/span>\n\t\t\t\t\t<\/a>\n\t\t\t\t\t\t\t\t<\/div>\n\t\t\t\t<\/div>\n\t\t<div class=\"elementor-element elementor-element-c4990cd e-con-full e-flex e-con e-child\" data-id=\"c4990cd\" data-element_type=\"container\" data-e-type=\"container\" data-settings=\"{&quot;background_background&quot;:&quot;classic&quot;}\">\n\t\t\t\t<div class=\"elementor-element elementor-element-f9b84e3 elementor-pagination-position-outside elementor-widget elementor-widget-image-carousel\" data-id=\"f9b84e3\" data-element_type=\"widget\" data-e-type=\"widget\" data-settings=\"{&quot;slides_to_show&quot;:&quot;1&quot;,&quot;navigation&quot;:&quot;dots&quot;,&quot;autoplay&quot;:&quot;yes&quot;,&quot;pause_on_hover&quot;:&quot;yes&quot;,&quot;pause_on_interaction&quot;:&quot;yes&quot;,&quot;autoplay_speed&quot;:5000,&quot;infinite&quot;:&quot;yes&quot;,&quot;effect&quot;:&quot;slide&quot;,&quot;speed&quot;:500}\" data-widget_type=\"image-carousel.default\">\n\t\t\t\t\t\t\t<div class=\"elementor-image-carousel-wrapper swiper\" role=\"region\" aria-roledescription=\"carousel\" aria-label=\"Carrusel d&#039;imatges\" dir=\"ltr\">\n\t\t\t<div class=\"elementor-image-carousel swiper-wrapper swiper-image-stretch\" aria-live=\"off\">\n\t\t\t\t\t\t\t\t<div class=\"swiper-slide\" role=\"group\" aria-roledescription=\"slide\" aria-label=\"1 de 4\"><figure class=\"swiper-slide-inner\"><img decoding=\"async\" class=\"swiper-slide-image\" src=\"https:\/\/laindustrialevents.com\/wp-content\/uploads\/elementor\/thumbs\/IMG_6913-rr0q7eclpth07fl2hxh4ilhdbirtv7lhimxs620jyc.jpg\" alt=\"IMG_6913\" \/><\/figure><\/div><div class=\"swiper-slide\" role=\"group\" aria-roledescription=\"slide\" aria-label=\"2 de 4\"><figure class=\"swiper-slide-inner\"><img decoding=\"async\" class=\"swiper-slide-image\" src=\"https:\/\/laindustrialevents.com\/wp-content\/uploads\/elementor\/thumbs\/IMG_6502-rr0q7bj35bd58lp5ye98t46zjd5q84aai8zbq84qh0.jpg\" alt=\"IMG_6502\" \/><\/figure><\/div><div class=\"swiper-slide\" role=\"group\" aria-roledescription=\"slide\" aria-label=\"3 de 4\"><figure class=\"swiper-slide-inner\"><img decoding=\"async\" class=\"swiper-slide-image\" src=\"https:\/\/laindustrialevents.com\/wp-content\/uploads\/elementor\/thumbs\/WhatsApp-Image-2026-06-08-at-21.35.25-1-rr10plotl17dn4811ws49np5xsnjyy1fukm0n38ydg.jpg\" alt=\"WhatsApp-Image-2026-06-08-at-21.35.25-(1)\" \/><\/figure><\/div><div class=\"swiper-slide\" role=\"group\" aria-roledescription=\"slide\" aria-label=\"4 de 4\"><figure class=\"swiper-slide-inner\"><img decoding=\"async\" class=\"swiper-slide-image\" src=\"https:\/\/laindustrialevents.com\/wp-content\/uploads\/elementor\/thumbs\/WhatsApp-Image-2026-06-08-at-21.35.24-3-rr10pjt57d4szwarcvyv4o68r0wtjjtz6bb1ojbqpw.jpg\" alt=\"WhatsApp-Image-2026-06-08-at-21.35.24-(3)\" \/><\/figure><\/div>\t\t\t<\/div>\n\t\t\t\t\t\t\t\n\t\t\t\t\t\t\t\t\t<div class=\"swiper-pagination\"><\/div>\n\t\t\t\t\t\t\t\t\t<\/div>\n\t\t\t\t\t\t<\/div>\n\t\t\t\t<\/div>\n\t\t\t\t\t<\/div>\n\t\t\t\t<\/div>\n\t\t\t\t<\/div>","protected":false},"excerpt":{"rendered":"<p>\u00a1Buscamos talento! Convocatoria abierta para marcas y artesanos. \u00bfEres creador, dise\u00f1ador o tienes una marca con alma? Queremos que formes parte de nuestra pr\u00f3xima edici\u00f3n del Summer Market. Buscamos marcas aut\u00e9nticas que compartan nuestra pasi\u00f3n por las cosas hechas con calma, detalle y mucho mimo. \u00bfPor qu\u00e9 deber\u00edas participar con nosotros? Una selecci\u00f3n cuidada (Estar\u00e1s [&hellip;]<\/p>\n","protected":false},"author":1,"featured_media":0,"parent":0,"menu_order":0,"comment_status":"closed","ping_status":"closed","template":"","meta":{"footnotes":""},"class_list":["post-37","page","type-page","status-publish","hentry"],"_links":{"self":[{"href":"https:\/\/laindustrialevents.com\/ca\/wp-json\/wp\/v2\/pages\/37","targetHints":{"allow":["GET"]}}],"collection":[{"href":"https:\/\/laindustrialevents.com\/ca\/wp-json\/wp\/v2\/pages"}],"about":[{"href":"https:\/\/laindustrialevents.com\/ca\/wp-json\/wp\/v2\/types\/page"}],"author":[{"embeddable":true,"href":"https:\/\/laindustrialevents.com\/ca\/wp-json\/wp\/v2\/users\/1"}],"replies":[{"embeddable":true,"href":"https:\/\/laindustrialevents.com\/ca\/wp-json\/wp\/v2\/comments?post=37"}],"version-history":[{"count":17,"href":"https:\/\/laindustrialevents.com\/ca\/wp-json\/wp\/v2\/pages\/37\/revisions"}],"predecessor-version":[{"id":425,"href":"https:\/\/laindustrialevents.com\/ca\/wp-json\/wp\/v2\/pages\/37\/revisions\/425"}],"wp:attachment":[{"href":"https:\/\/laindustrialevents.com\/ca\/wp-json\/wp\/v2\/media?parent=37"}],"curies":[{"name":"wp","href":"https:\/\/api.w.org\/{rel}","templated":true}]}}